{"id":54,"date":"2021-04-21T10:45:32","date_gmt":"2021-04-21T08:45:32","guid":{"rendered":"https:\/\/praxis-gastro-lauf.de\/work\/?page_id=54"},"modified":"2024-11-18T12:30:22","modified_gmt":"2024-11-18T11:30:22","slug":"impressum","status":"publish","type":"page","link":"https:\/\/praxis-gastro-lauf.de\/work\/impressum\/","title":{"rendered":"Impressum"},"content":{"rendered":"<p>[et_pb_section fb_built=&#8220;1&#8243; next_background_color=&#8220;#ffffff&#8220; disabled_on=&#8220;off|off|off&#8220; admin_label=&#8220;Call To Action&#8220; _builder_version=&#8220;4.16&#8243; background_color=&#8220;#f1f5f7&#8243; background_image=&#8220;https:\/\/praxis-gastro-lauf.de\/work\/wp-content\/uploads\/2021\/04\/shadow-02.svg&#8220; background_size=&#8220;contain&#8220; background_position=&#8220;center_left&#8220; custom_margin=&#8220;||||false|false&#8220; custom_padding=&#8220;||||false|false&#8220; top_divider_style=&#8220;wave2&#8243; top_divider_color=&#8220;#FFFFFF&#8220; top_divider_arrangement=&#8220;above_content&#8220; bottom_divider_style=&#8220;wave2&#8243; bottom_divider_flip=&#8220;horizontal&#8220; background_last_edited=&#8220;on|phone&#8220; background_enable_image_phone=&#8220;off&#8220; border_color_all=&#8220;#f1f5f7&#8243; border_color_bottom=&#8220;#941E45&#8243; global_colors_info=&#8220;{}&#8220;][et_pb_row column_structure=&#8220;3_5,2_5&#8243; custom_padding_last_edited=&#8220;on|phone&#8220; _builder_version=&#8220;4.16&#8243; background_color=&#8220;RGBA(0,0,0,0)&#8220; background_color_gradient_direction=&#8220;60deg&#8220; background_enable_image=&#8220;off&#8220; width_tablet=&#8220;&#8220; width_phone=&#8220;90%&#8220; width_last_edited=&#8220;on|phone&#8220; custom_margin=&#8220;|||&#8220; custom_margin_phone=&#8220;|||&#8220; custom_margin_last_edited=&#8220;off|desktop&#8220; custom_padding=&#8220;82px|40px|82px|40px|true|true&#8220; custom_padding_tablet=&#8220;&#8220; custom_padding_phone=&#8220;82px|0px|82px|0px|true|true&#8220; animation_style=&#8220;slide&#8220; animation_direction=&#8220;right&#8220; animation_intensity_slide=&#8220;5%&#8220; border_radii=&#8220;|30px|||30px&#8220; use_custom_width=&#8220;on&#8220; width_unit=&#8220;off&#8220; custom_width_percent=&#8220;93%&#8220; global_colors_info=&#8220;{}&#8220;][et_pb_column type=&#8220;3_5&#8243; _builder_version=&#8220;4.16&#8243; custom_padding=&#8220;|||&#8220; global_colors_info=&#8220;{}&#8220; custom_padding__hover=&#8220;|||&#8220;][et_pb_text admin_label=&#8220;CTA Text&#8220; _builder_version=&#8220;4.27.3&#8243; text_font=&#8220;Montserrat|300|||||||&#8220; text_font_size=&#8220;16px&#8220; text_line_height=&#8220;1.8em&#8220; header_font=&#8220;||||||||&#8220; header_2_font=&#8220;Montserrat|600|||||||&#8220; header_2_text_color=&#8220;#2899BC&#8220; header_3_font=&#8220;|600||on|||||&#8220; header_3_text_color=&#8220;#2899BC&#8220; header_3_line_height=&#8220;1.4em&#8220; header_4_text_color=&#8220;#878786&#8243; header_4_font_size=&#8220;16px&#8220; header_4_line_height=&#8220;1.4em&#8220; module_alignment=&#8220;right&#8220; custom_margin=&#8220;||80px|||&#8220; custom_margin_tablet=&#8220;0px|50px||50px&#8220; custom_margin_phone=&#8220;||30px||false|false&#8220; custom_margin_last_edited=&#8220;on|phone&#8220; custom_padding=&#8220;13px|||||&#8220; hover_enabled=&#8220;0&#8243; header_2_font_size_tablet=&#8220;&#8220; header_2_font_size_phone=&#8220;30px&#8220; header_2_font_size_last_edited=&#8220;on|phone&#8220; global_colors_info=&#8220;{}&#8220; sticky_enabled=&#8220;0&#8243;]<\/p>\n<h3>Impressum<\/h3>\n<div class=\"\">\n<div class=\"\">\n<div id=\"main\" class=\"\">\n<div id=\"col1\" class=\"\">\n<div id=\"col1_content\" class=\"clearfix\">\n<div id=\"loc_Hauptcontent\" class=\"\">\n<div class=\"block\">\n<div class=\"block-content\">\n<h4>Pflichtangaben laut \u00a7 6 TDG (Teledienstgesetz)<\/h4>\n<\/div>\n<\/div>\n<\/div>\n<\/div>\n<\/div>\n<\/div>\n<\/div>\n<\/div>\n<p>[\/et_pb_text][et_pb_image src=&#8220;https:\/\/praxis-gastro-lauf.de\/work\/wp-content\/uploads\/2021\/04\/Logo-Praxis-Gastroenterologie-Lauf.svg&#8220; title_text=&#8220;Logo-Praxis-Gastroenterologie-Lauf&#8220; _builder_version=&#8220;4.16&#8243; _module_preset=&#8220;default&#8220; width=&#8220;70%&#8220; custom_margin=&#8220;||15px|||&#8220; global_colors_info=&#8220;{}&#8220;][\/et_pb_image][et_pb_accordion open_toggle_text_color=&#8220;#941E45&#8243; open_toggle_background_color=&#8220;#F6F7F9&#8243; closed_toggle_text_color=&#8220;#941E45&#8243; closed_toggle_background_color=&#8220;#F6F7F9&#8243; icon_color=&#8220;#941E45&#8243; use_icon_font_size=&#8220;on&#8220; icon_font_size=&#8220;26px&#8220; _builder_version=&#8220;4.27.2&#8243; _module_preset=&#8220;default&#8220; toggle_text_color=&#8220;#941E45&#8243; toggle_level=&#8220;h4&#8243; toggle_font=&#8220;|600|||||||&#8220; toggle_font_size=&#8220;17px&#8220; body_text_color=&#8220;#000000&#8243; body_line_height=&#8220;1.4em&#8220; db_closeable=&#8220;on&#8220; db_initial_state=&#8220;all_closed&#8220; border_radii=&#8220;on|20px|20px|20px|20px&#8220; border_color_all=&#8220;#7F61A1&#8243; global_colors_info=&#8220;{}&#8220; open_toggle_background_color__hover_enabled=&#8220;on|desktop&#8220; open_toggle_background_color__hover=&#8220;#F6F7F9&#8243;][et_pb_accordion_item title=&#8220;Name und Praxisanschrift&#8220; open=&#8220;on&#8220; _builder_version=&#8220;4.27.2&#8243; _module_preset=&#8220;default&#8220; global_colors_info=&#8220;{}&#8220;]<\/p>\n<p>Praxis f\u00fcr Gastroenterologie im \u00c4rztecampus Lauf<br \/>Simonshofer Str. 51<br \/>91207 Lauf a.d Pegnitz<br \/>Tel.: 09123 9988-10<br \/>Fax: 09123 9998829<\/p>\n<p>E-Mail: info(at)praxis-gastro-lauf.de<\/p>\n<p>[\/et_pb_accordion_item][et_pb_accordion_item title=&#8220;Vertretungsberechtigte Gesellschafter&#8220; _builder_version=&#8220;4.23.1&#8243; _module_preset=&#8220;default&#8220; global_colors_info=&#8220;{}&#8220; open=&#8220;off&#8220;]<\/p>\n<p>Frau Dr. med. Katja Roos<br \/>E-Mail: info(at)praxis-gastro-lauf.de<\/p>\n<p>[\/et_pb_accordion_item][et_pb_accordion_item title=&#8220;Gesetzliche Berufsbezeichnung&#8220; _builder_version=&#8220;4.23.1&#8243; _module_preset=&#8220;default&#8220; global_colors_info=&#8220;{}&#8220; open=&#8220;off&#8220;]<\/p>\n<div class=\"\">\n<div class=\"\">\n<div id=\"main\" class=\"\">\n<div id=\"col1\" class=\"\">\n<div id=\"col1_content\" class=\"clearfix\">\n<div id=\"loc_Hauptcontent\" class=\"\">\n<div class=\"block\">\n<div class=\"block-content\">\n<div class=\"\">Arzt, Fach\u00e4rztin f\u00fcr Innere Medizin &#8211; Gastroenterologie<\/div>\n<\/div>\n<\/div>\n<\/div>\n<\/div>\n<\/div>\n<\/div>\n<\/div>\n<\/div>\n<p>[\/et_pb_accordion_item][et_pb_accordion_item title=&#8220;Zust\u00e4ndige Kammer&#8220; _builder_version=&#8220;4.16&#8243; _module_preset=&#8220;default&#8220; global_colors_info=&#8220;{}&#8220; open=&#8220;off&#8220;]<\/p>\n<div class=\"\">\n<div class=\"\">\n<div id=\"main\" class=\"\">\n<div id=\"col1\" class=\"\">\n<div id=\"col1_content\" class=\"clearfix\">\n<div id=\"loc_Hauptcontent\" class=\"\">\n<div class=\"block\">\n<div class=\"block-content\">\n<div class=\"\">Landes\u00e4rztekammer Bayern<br \/>M\u00fchlbauerstr. 16<br \/>81677 M\u00fcnchen<\/div>\n<\/div>\n<\/div>\n<\/div>\n<\/div>\n<\/div>\n<\/div>\n<\/div>\n<\/div>\n<p>[\/et_pb_accordion_item][et_pb_accordion_item title=&#8220;Zust\u00e4ndige Aufsichtsbeh\u00f6rde&#8220; _builder_version=&#8220;4.16&#8243; _module_preset=&#8220;default&#8220; global_colors_info=&#8220;{}&#8220; open=&#8220;off&#8220;]<\/p>\n<div class=\"\">\n<div class=\"\">\n<div id=\"main\" class=\"\">\n<div id=\"col1\" class=\"\">\n<div id=\"col1_content\" class=\"clearfix\">\n<div id=\"loc_Hauptcontent\" class=\"\">\n<div class=\"block\">\n<div class=\"block-content\">\n<div class=\"\">Kassen\u00e4rztliche Vereinigung Bayerns<br \/>Elsenheimerstr. 39<br \/>80687 M\u00fcnchen<\/div>\n<\/div>\n<\/div>\n<\/div>\n<\/div>\n<\/div>\n<\/div>\n<\/div>\n<\/div>\n<p>[\/et_pb_accordion_item][et_pb_accordion_item title=&#8220;Berufsrechtliche Regelungen&#8220; _builder_version=&#8220;4.16&#8243; _module_preset=&#8220;default&#8220; global_colors_info=&#8220;{}&#8220; open=&#8220;off&#8220;]<\/p>\n<div class=\"\">\n<div class=\"\">\n<div id=\"main\" class=\"\">\n<div id=\"col1\" class=\"\">\n<div id=\"col1_content\" class=\"clearfix\">\n<div id=\"loc_Hauptcontent\" class=\"\">\n<div class=\"block\">\n<div class=\"block-content\">\n<div class=\"\">\n<div class=\"\">\n<div class=\"\">\n<div id=\"main\" class=\"\">\n<div id=\"col1\" class=\"\">\n<div id=\"col1_content\" class=\"clearfix\">\n<div id=\"loc_Hauptcontent\" class=\"\">\n<div class=\"block\">\n<div class=\"block-content\">\n<ul class=\"\">\n<li class=\"\">Berufsordnung der Bayerischen Lande\u00e4rztekammer<\/li>\n<\/ul>\n<\/div>\n<\/div>\n<\/div>\n<\/div>\n<\/div>\n<\/div>\n<\/div>\n<\/div>\n<div class=\"\">\n<div class=\"\">\n<div id=\"main\" class=\"\">\n<div id=\"col1\" class=\"\">\n<div id=\"col1_content\" class=\"clearfix\">\n<div id=\"loc_Hauptcontent\" class=\"\">\n<div class=\"block\">\n<div class=\"block-content\">\n<ul class=\"\">\n<li class=\"\">Heilberufegesetz des Landes Bayern<\/li>\n<\/ul>\n<\/div>\n<\/div>\n<\/div>\n<\/div>\n<\/div>\n<\/div>\n<\/div>\n<\/div>\n<div class=\"\">\n<div class=\"\">\n<div id=\"main\" class=\"\">\n<div id=\"col1\" class=\"\">\n<div id=\"col1_content\" class=\"clearfix\">\n<div id=\"loc_Hauptcontent\" class=\"\">\n<div class=\"block\">\n<div class=\"block-content\">\n<div class=\"\">Diese Regelungen sind auf der Homepage der Bayerischen Landes\u00e4rztekammer einsehbar:\u00a0<a href=\"http:\/\/www.blaek.de\/\" target=\"_blank\" rel=\"noopener\" class=\"\">www.blaek.de<\/a><\/div>\n<\/div>\n<\/div>\n<\/div>\n<\/div>\n<\/div>\n<\/div>\n<\/div>\n<\/div>\n<\/div>\n<\/div>\n<\/div>\n<\/div>\n<\/div>\n<\/div>\n<\/div>\n<\/div>\n<\/div>\n<p>[\/et_pb_accordion_item][et_pb_accordion_item title=&#8220;Verantwortlich f\u00fcr Inhalt&#8220; _builder_version=&#8220;4.23.1&#8243; _module_preset=&#8220;default&#8220; global_colors_info=&#8220;{}&#8220; open=&#8220;off&#8220;]<\/p>\n<p>Dr. med. Katja Roos<br \/>E-Mail: info(at)praxis-gastro-lauf.de<\/p>\n<p>[\/et_pb_accordion_item][et_pb_accordion_item title=&#8220;Gestaltung und technische Umsetzung&#8220; _builder_version=&#8220;4.16&#8243; _module_preset=&#8220;default&#8220; global_colors_info=&#8220;{}&#8220; open=&#8220;off&#8220;]<\/p>\n<p>held: werbe &amp; grafik studio<\/p>\n<p><a href=\"https:\/\/www.held-werbung.de\" target=\"_blank\" rel=\"noopener\">www.held-werbung.de<\/a><\/p>\n<p>&nbsp;<\/p>\n<p>[\/et_pb_accordion_item][\/et_pb_accordion][\/et_pb_column][et_pb_column type=&#8220;2_5&#8243; _builder_version=&#8220;4.16&#8243; custom_padding=&#8220;||||false|false&#8220; global_colors_info=&#8220;{}&#8220; custom_padding__hover=&#8220;|||&#8220;][et_pb_blurb title=&#8220;Streitschlichtung&#8220; use_icon=&#8220;on&#8220; font_icon=&#8220;&#xf24e;||divi||400&#8243; icon_color=&#8220;#FFFFFF&#8220; image_icon_background_color=&#8220;#2899BC&#8220; icon_placement=&#8220;left&#8220; image_icon_width=&#8220;40px&#8220; _builder_version=&#8220;4.16&#8243; _module_preset=&#8220;default&#8220; header_font=&#8220;|600|||||||&#8220; header_text_color=&#8220;#2899BC&#8220; header_font_size=&#8220;16px&#8220; body_text_color=&#8220;#565655&#8243; body_font_size=&#8220;13px&#8220; body_line_height=&#8220;1.5em&#8220; image_icon_custom_padding=&#8220;8px|8px|8px|8px|false|false&#8220; border_radii_image=&#8220;on|100%|100%|100%|100%&#8220; icon_font_size=&#8220;40px&#8220; use_circle=&#8220;on&#8220; circle_color=&#8220;#2899BC&#8220; global_colors_info=&#8220;{}&#8220; image_icon_background_color__sticky_enabled=&#8220;#941e45&#8243; image_icon_background_color__sticky=&#8220;#941e45&#8243;]<\/p>\n<div>Wir sind nicht bereit oder verpflichtet, an Streitbeilegungsverfahren vor einer Verbraucherschlichtungsstelle\u00a0teilzunehmen.<\/div>\n<p>[\/et_pb_blurb][et_pb_blurb title=&#8220;Haftungsausschluss \/ Haftung f\u00fcr Inhalte&#8220; use_icon=&#8220;on&#8220; font_icon=&#8220;&#xe005;||divi||400&#8243; icon_color=&#8220;#FFFFFF&#8220; image_icon_background_color=&#8220;#2899BC&#8220; icon_placement=&#8220;left&#8220; image_icon_width=&#8220;40px&#8220; _builder_version=&#8220;4.16&#8243; _module_preset=&#8220;default&#8220; header_font=&#8220;|600|||||||&#8220; header_text_color=&#8220;#2899BC&#8220; header_font_size=&#8220;16px&#8220; body_text_color=&#8220;#565655&#8243; body_font_size=&#8220;13px&#8220; body_line_height=&#8220;1.5em&#8220; image_icon_custom_padding=&#8220;8px|8px|8px|8px|false|false&#8220; border_radii_image=&#8220;on|100%|100%|100%|100%&#8220; icon_font_size=&#8220;40px&#8220; use_circle=&#8220;on&#8220; circle_color=&#8220;#2899BC&#8220; global_colors_info=&#8220;{}&#8220; image_icon_background_color__sticky_enabled=&#8220;#941e45&#8243; image_icon_background_color__sticky=&#8220;#941e45&#8243;]<\/p>\n<div>\n<p>Als Diensteanbieter sind wir gem\u00e4\u00df \u00a7 7 Abs.1 TMG f\u00fcr eigene Inhalte auf diesen Seiten nach den allgemeinen Gesetzen verantwortlich. Nach \u00a7\u00a7 8 bis 10 TMG sind wir als Diensteanbieter jedoch nicht verpflichtet, \u00fcbermittelte oder gespeicherte fremde Informationen zu \u00fcberwachen oder nach Umst\u00e4nden zu forschen, die auf eine rechtswidrige T\u00e4tigkeit hinweisen.<\/p>\n<div>Verpflichtungen zur Entfernung oder Sperrung der Nutzung von Informationen nach den allgemeinen Gesetzen bleiben hiervon unber\u00fchrt. Eine diesbez\u00fcgliche Haftung ist jedoch erst ab dem Zeitpunkt der Kenntnis einer konkreten Rechtsverletzung m\u00f6glich. Bei Bekanntwerden von entsprechenden Rechtsverletzungen werden wir diese Inhalte umgehend\u00a0entfernen.<\/div>\n<\/div>\n<p>[\/et_pb_blurb][et_pb_blurb title=&#8220;Urheberrecht&#8220; use_icon=&#8220;on&#8220; font_icon=&#8220;&#xf19c;||divi||400&#8243; icon_color=&#8220;#FFFFFF&#8220; image_icon_background_color=&#8220;#2899BC&#8220; icon_placement=&#8220;left&#8220; image_icon_width=&#8220;40px&#8220; _builder_version=&#8220;4.16&#8243; _module_preset=&#8220;default&#8220; header_font=&#8220;|600|||||||&#8220; header_text_color=&#8220;#2899BC&#8220; header_font_size=&#8220;16px&#8220; body_text_color=&#8220;#565655&#8243; body_font_size=&#8220;13px&#8220; body_line_height=&#8220;1.5em&#8220; image_icon_custom_padding=&#8220;8px|8px|8px|8px|false|false&#8220; border_radii_image=&#8220;on|100%|100%|100%|100%&#8220; icon_font_size=&#8220;40px&#8220; use_circle=&#8220;on&#8220; circle_color=&#8220;#2899BC&#8220; global_colors_info=&#8220;{}&#8220; image_icon_background_color__sticky_enabled=&#8220;#941e45&#8243; image_icon_background_color__sticky=&#8220;#941e45&#8243;]<\/p>\n<div>Die durch die Seitenbetreiber erstellten Inhalte und Werke auf diesen Seiten unterliegen dem deutschen Urheberrecht. Die Vervielf\u00e4ltigung, Bearbeitung, Verbreitung und jede Art der Verwertung au\u00dferhalb der Grenzen des Urheberrechtes bed\u00fcrfen der schriftlichen Zustimmung des jeweiligen Autors bzw. Erstellers. Downloads und Kopien dieser Seite sind nur f\u00fcr den privaten, nicht kommerziellen Gebrauch\u00a0gestattet.<\/div>\n<div>\n<div>Soweit die Inhalte auf dieser Seite nicht vom Betreiber erstellt wurden, werden die Urheberrechte Dritter beachtet. Insbesondere werden Inhalte Dritter als solche gekennzeichnet. Sollten Sie trotzdem auf eine Urheberrechtsverletzung aufmerksam werden, bitten wir um einen entsprechenden Hinweis. Bei Bekanntwerden von Rechtsverletzungen werden wir derartige Inhalte umgehend\u00a0entfernen.<\/div>\n<div>\n<div>Quelle: e\u2011recht24.de, letzte \u00c4nderung\u00a005.2018<\/div>\n<\/div>\n<\/div>\n<p>[\/et_pb_blurb][et_pb_blurb title=&#8220;Haftung f\u00fcr Links&#8220; use_icon=&#8220;on&#8220; font_icon=&#8220;&#xe60c;||divi||400&#8243; icon_color=&#8220;#FFFFFF&#8220; image_icon_background_color=&#8220;#2899BC&#8220; icon_placement=&#8220;left&#8220; image_icon_width=&#8220;40px&#8220; _builder_version=&#8220;4.16&#8243; _module_preset=&#8220;default&#8220; header_font=&#8220;|600|||||||&#8220; header_text_color=&#8220;#2899BC&#8220; header_font_size=&#8220;16px&#8220; body_text_color=&#8220;#565655&#8243; body_font_size=&#8220;13px&#8220; body_line_height=&#8220;1.5em&#8220; image_icon_custom_padding=&#8220;8px|8px|8px|8px|false|false&#8220; border_radii_image=&#8220;on|100%|100%|100%|100%&#8220; icon_font_size=&#8220;40px&#8220; use_circle=&#8220;on&#8220; circle_color=&#8220;#2899BC&#8220; global_colors_info=&#8220;{}&#8220; image_icon_background_color__sticky_enabled=&#8220;#941e45&#8243; image_icon_background_color__sticky=&#8220;#941e45&#8243;]<\/p>\n<div>Unser Angebot enth\u00e4lt Links zu externen Websites Dritter, auf deren Inhalte wir keinen Einfluss haben. Deshalb k\u00f6nnen wir f\u00fcr diese fremden Inhalte auch keine Gew\u00e4hr \u00fcbernehmen. F\u00fcr die Inhalte der verlinkten Seiten ist stets der jeweilige Anbieter oder Betreiber der Seiten verantwortlich. Die verlinkten Seiten wurden zum Zeitpunkt der Verlinkung auf m\u00f6gliche Rechtsverst\u00f6\u00dfe \u00fcberpr\u00fcft. Rechtswidrige Inhalte waren zum Zeitpunkt der Verlinkung nicht\u00a0erkennbar.<\/div>\n<div>\n<div>Eine permanente inhaltliche Kontrolle der verlinkten Seiten ist jedoch ohne konkrete Anhaltspunkte einer Rechtsverletzung nicht zumutbar. Bei Bekanntwerden von Rechtsverletzungen werden wir derartige Links umgehend\u00a0entfernen.<\/div>\n<\/div>\n<p>[\/et_pb_blurb][\/et_pb_column][\/et_pb_row][\/et_pb_section]<\/p>\n","protected":false},"excerpt":{"rendered":"<p>Impressum Pflichtangaben laut \u00a7 6 TDG (Teledienstgesetz) Praxis f\u00fcr Gastroenterologie im \u00c4rztecampus LaufSimonshofer Str. 5191207 Lauf a.d PegnitzTel.: 09123 9988-10Fax: 09123 9998829 E-Mail: info(at)praxis-gastro-lauf.deFrau Dr. med. Katja RoosE-Mail: info(at)praxis-gastro-lauf.de Arzt, Fach\u00e4rztin f\u00fcr Innere Medizin &#8211; Gastroenterologie Landes\u00e4rztekammer BayernM\u00fchlbauerstr. 1681677 M\u00fcnchen Kassen\u00e4rztliche Vereinigung BayernsElsenheimerstr. 3980687 M\u00fcnchen Berufsordnung der Bayerischen Lande\u00e4rztekammer Heilberufegesetz des Landes Bayern Diese Regelungen sind auf der Homepage der Bayerischen Landes\u00e4rztekammer einsehbar:\u00a0www.blaek.de Dr. med. Katja RoosE-Mail: info(at)praxis-gastro-lauf.deheld: werbe &amp; grafik studio www.held-werbung.de &nbsp;Wir sind nicht bereit oder verpflichtet, an Streitbeilegungsverfahren vor einer Verbraucherschlichtungsstelle\u00a0teilzunehmen. Als Diensteanbieter sind wir gem\u00e4\u00df \u00a7 7 Abs.1 TMG f\u00fcr eigene Inhalte auf diesen Seiten nach den allgemeinen Gesetzen verantwortlich. Nach \u00a7\u00a7 8 bis 10 TMG sind wir als Diensteanbieter jedoch nicht verpflichtet, \u00fcbermittelte oder gespeicherte fremde Informationen zu \u00fcberwachen oder nach Umst\u00e4nden zu forschen, die auf eine rechtswidrige T\u00e4tigkeit hinweisen. Verpflichtungen zur Entfernung oder Sperrung der Nutzung von Informationen nach den allgemeinen Gesetzen bleiben hiervon unber\u00fchrt. Eine diesbez\u00fcgliche Haftung ist jedoch erst ab dem Zeitpunkt der Kenntnis einer konkreten Rechtsverletzung m\u00f6glich. Bei Bekanntwerden von entsprechenden Rechtsverletzungen werden wir diese Inhalte umgehend\u00a0entfernen. Die durch die Seitenbetreiber erstellten Inhalte und Werke auf diesen Seiten unterliegen dem deutschen Urheberrecht. Die Vervielf\u00e4ltigung, Bearbeitung, Verbreitung und jede Art der Verwertung [&hellip;]<\/p>\n","protected":false},"author":1,"featured_media":0,"parent":0,"menu_order":0,"comment_status":"closed","ping_status":"closed","template":"","meta":{"_et_pb_use_builder":"on","_et_pb_old_content":"","_et_gb_content_width":"","footnotes":""},"class_list":["post-54","page","type-page","status-publish","hentry"],"_links":{"self":[{"href":"https:\/\/praxis-gastro-lauf.de\/work\/wp-json\/wp\/v2\/pages\/54","targetHints":{"allow":["GET"]}}],"collection":[{"href":"https:\/\/praxis-gastro-lauf.de\/work\/wp-json\/wp\/v2\/pages"}],"about":[{"href":"https:\/\/praxis-gastro-lauf.de\/work\/wp-json\/wp\/v2\/types\/page"}],"author":[{"embeddable":true,"href":"https:\/\/praxis-gastro-lauf.de\/work\/wp-json\/wp\/v2\/users\/1"}],"replies":[{"embeddable":true,"href":"https:\/\/praxis-gastro-lauf.de\/work\/wp-json\/wp\/v2\/comments?post=54"}],"version-history":[{"count":23,"href":"https:\/\/praxis-gastro-lauf.de\/work\/wp-json\/wp\/v2\/pages\/54\/revisions"}],"predecessor-version":[{"id":848,"href":"https:\/\/praxis-gastro-lauf.de\/work\/wp-json\/wp\/v2\/pages\/54\/revisions\/848"}],"wp:attachment":[{"href":"https:\/\/praxis-gastro-lauf.de\/work\/wp-json\/wp\/v2\/media?parent=54"}],"curies":[{"name":"wp","href":"https:\/\/api.w.org\/{rel}","templated":true}]}}